{"version":"1.0","provider_name":"","provider_url":"https:\/\/renatodias.online\/movimento","title":"Spais lan\u00e7a linha de cuidados\u00a0 -","type":"rich","width":600,"height":338,"html":"<blockquote class=\"wp-embedded-content\" data-secret=\"Elc1C4TQKt\"><a href=\"https:\/\/renatodias.online\/movimento\/2025\/09\/12\/spais-lanca-linha-de-cuidados\/\">Spais lan\u00e7a linha de cuidados\u00a0<\/a><\/blockquote><iframe sandbox=\"allow-scripts\" security=\"restricted\" src=\"https:\/\/renatodias.online\/movimento\/2025\/09\/12\/spais-lanca-linha-de-cuidados\/embed\/#?secret=Elc1C4TQKt\" width=\"600\" height=\"338\" title=\"&#8220;Spais lan\u00e7a linha de cuidados\u00a0&#8221; &#8212; \" data-secret=\"Elc1C4TQKt\" frameborder=\"0\" marginwidth=\"0\" marginheight=\"0\" scrolling=\"no\" class=\"wp-embedded-content\"><\/iframe><script type=\"text\/javascript\">\n\/* <![CDATA[ *\/\n\/*! This file is auto-generated *\/\n!function(d,l){\"use strict\";l.querySelector&&d.addEventListener&&\"undefined\"!=typeof URL&&(d.wp=d.wp||{},d.wp.receiveEmbedMessage||(d.wp.receiveEmbedMessage=function(e){var t=e.data;if((t||t.secret||t.message||t.value)&&!\/[^a-zA-Z0-9]\/.test(t.secret)){for(var s,r,n,a=l.querySelectorAll('iframe[data-secret=\"'+t.secret+'\"]'),o=l.querySelectorAll('blockquote[data-secret=\"'+t.secret+'\"]'),c=new RegExp(\"^https?:$\",\"i\"),i=0;i<o.length;i++)o[i].style.display=\"none\";for(i=0;i<a.length;i++)s=a[i],e.source===s.contentWindow&&(s.removeAttribute(\"style\"),\"height\"===t.message?(1e3<(r=parseInt(t.value,10))?r=1e3:~~r<200&&(r=200),s.height=r):\"link\"===t.message&&(r=new URL(s.getAttribute(\"src\")),n=new URL(t.value),c.test(n.protocol))&&n.host===r.host&&l.activeElement===s&&(d.top.location.href=t.value))}},d.addEventListener(\"message\",d.wp.receiveEmbedMessage,!1),l.addEventListener(\"DOMContentLoaded\",function(){for(var e,t,s=l.querySelectorAll(\"iframe.wp-embedded-content\"),r=0;r<s.length;r++)(t=(e=s[r]).getAttribute(\"data-secret\"))||(t=Math.random().toString(36).substring(2,12),e.src+=\"#?secret=\"+t,e.setAttribute(\"data-secret\",t)),e.contentWindow.postMessage({message:\"ready\",secret:t},\"*\")},!1)))}(window,document);\n\/* ]]> *\/\n<\/script>\n","thumbnail_url":"https:\/\/renatodias.online\/movimento\/wp-content\/uploads\/2025\/07\/IMG-20250718-WA0109.jpg","thumbnail_width":800,"thumbnail_height":543,"description":"C\u00e2ncer de mama&nbsp; Ato ser\u00e1 dia 6 de outubro&nbsp; Renato Dias&nbsp; A Superintend\u00eancia de Aten\u00e7\u00e3o Integral \u00e0 Sa\u00fade [Spais] lan\u00e7a dia 6 de outubro, em Goi\u00e2nia, uma Linha de Cuidados do diagn\u00f3stico ao tratamento especializado do C\u00e2ncer de Mama, assim como far\u00e1 a abertura da campanha Outubro Rosa. \u00c9 o que informa Amanda Melo Limongi."}