{"version":"1.0","provider_name":"","provider_url":"https:\/\/renatodias.online\/movimento","title":"Crian\u00e7a Esperan\u00e7a: Jo\u00e3o Vitor participa de a\u00e7\u00e3o -","type":"rich","width":600,"height":338,"html":"<blockquote class=\"wp-embedded-content\" data-secret=\"vj3mgdIcZv\"><a href=\"https:\/\/renatodias.online\/movimento\/2023\/08\/07\/crianca-esperanca-joao-vitor-participa-de-acao\/\"><strong>Crian\u00e7a Esperan\u00e7a: Jo\u00e3o Vitor participa de a\u00e7\u00e3o<\/strong><\/a><\/blockquote><iframe sandbox=\"allow-scripts\" security=\"restricted\" src=\"https:\/\/renatodias.online\/movimento\/2023\/08\/07\/crianca-esperanca-joao-vitor-participa-de-acao\/embed\/#?secret=vj3mgdIcZv\" width=\"600\" height=\"338\" title=\"&#8220;&lt;strong&gt;Crian\u00e7a Esperan\u00e7a: Jo\u00e3o Vitor participa de a\u00e7\u00e3o&lt;\/strong&gt;&#8221; &#8212; \" data-secret=\"vj3mgdIcZv\" frameborder=\"0\" marginwidth=\"0\" marginheight=\"0\" scrolling=\"no\" class=\"wp-embedded-content\"><\/iframe><script type=\"text\/javascript\">\n\/* <![CDATA[ *\/\n\/*! This file is auto-generated *\/\n!function(d,l){\"use strict\";l.querySelector&&d.addEventListener&&\"undefined\"!=typeof URL&&(d.wp=d.wp||{},d.wp.receiveEmbedMessage||(d.wp.receiveEmbedMessage=function(e){var t=e.data;if((t||t.secret||t.message||t.value)&&!\/[^a-zA-Z0-9]\/.test(t.secret)){for(var s,r,n,a=l.querySelectorAll('iframe[data-secret=\"'+t.secret+'\"]'),o=l.querySelectorAll('blockquote[data-secret=\"'+t.secret+'\"]'),c=new RegExp(\"^https?:$\",\"i\"),i=0;i<o.length;i++)o[i].style.display=\"none\";for(i=0;i<a.length;i++)s=a[i],e.source===s.contentWindow&&(s.removeAttribute(\"style\"),\"height\"===t.message?(1e3<(r=parseInt(t.value,10))?r=1e3:~~r<200&&(r=200),s.height=r):\"link\"===t.message&&(r=new URL(s.getAttribute(\"src\")),n=new URL(t.value),c.test(n.protocol))&&n.host===r.host&&l.activeElement===s&&(d.top.location.href=t.value))}},d.addEventListener(\"message\",d.wp.receiveEmbedMessage,!1),l.addEventListener(\"DOMContentLoaded\",function(){for(var e,t,s=l.querySelectorAll(\"iframe.wp-embedded-content\"),r=0;r<s.length;r++)(t=(e=s[r]).getAttribute(\"data-secret\"))||(t=Math.random().toString(36).substring(2,12),e.src+=\"#?secret=\"+t,e.setAttribute(\"data-secret\",t)),e.contentWindow.postMessage({message:\"ready\",secret:t},\"*\")},!1)))}(window,document);\n\/* ]]> *\/\n<\/script>\n","thumbnail_url":"https:\/\/renatodias.online\/movimento\/wp-content\/uploads\/2023\/07\/Joao-Vitor-5o-e1688865263383.jpg","thumbnail_width":800,"thumbnail_height":533,"description":"Programa movimentou a Avenida Paulista no \u00faltimo domingo S\u00edndrome de Down O influenciador digital Jo\u00e3o Vitor de Paiva Bittencourt participou, no \u00faltimo domingo, de uma a\u00e7\u00e3o do Crian\u00e7a Esperan\u00e7a, da Rede Globo, na avenida Paulista, em S\u00e3o Paulo.\u00a0 Jo\u00e3o Vitor \u00e9 de Goi\u00e2nia, tem 22 anos, e o primeiro aluno com s\u00edndrome de down no"}