{"version":"1.0","provider_name":"","provider_url":"https:\/\/renatodias.online\/movimento","title":"Sebasti\u00e3o Peixoto disputa cadeira \u00e0 C\u00e2mara -","type":"rich","width":600,"height":338,"html":"<blockquote class=\"wp-embedded-content\" data-secret=\"RNEGV4LXaD\"><a href=\"https:\/\/renatodias.online\/movimento\/2023\/06\/22\/sebastiao-peixoto-disputa-cadeira-a-camara\/\">Sebasti\u00e3o Peixoto disputa cadeira \u00e0 C\u00e2mara<\/a><\/blockquote><iframe sandbox=\"allow-scripts\" security=\"restricted\" src=\"https:\/\/renatodias.online\/movimento\/2023\/06\/22\/sebastiao-peixoto-disputa-cadeira-a-camara\/embed\/#?secret=RNEGV4LXaD\" width=\"600\" height=\"338\" title=\"&#8220;Sebasti\u00e3o Peixoto disputa cadeira \u00e0 C\u00e2mara&#8221; &#8212; \" data-secret=\"RNEGV4LXaD\" frameborder=\"0\" marginwidth=\"0\" marginheight=\"0\" scrolling=\"no\" class=\"wp-embedded-content\"><\/iframe><script type=\"text\/javascript\">\n\/* <![CDATA[ *\/\n\/*! This file is auto-generated *\/\n!function(d,l){\"use strict\";l.querySelector&&d.addEventListener&&\"undefined\"!=typeof URL&&(d.wp=d.wp||{},d.wp.receiveEmbedMessage||(d.wp.receiveEmbedMessage=function(e){var t=e.data;if((t||t.secret||t.message||t.value)&&!\/[^a-zA-Z0-9]\/.test(t.secret)){for(var s,r,n,a=l.querySelectorAll('iframe[data-secret=\"'+t.secret+'\"]'),o=l.querySelectorAll('blockquote[data-secret=\"'+t.secret+'\"]'),c=new RegExp(\"^https?:$\",\"i\"),i=0;i<o.length;i++)o[i].style.display=\"none\";for(i=0;i<a.length;i++)s=a[i],e.source===s.contentWindow&&(s.removeAttribute(\"style\"),\"height\"===t.message?(1e3<(r=parseInt(t.value,10))?r=1e3:~~r<200&&(r=200),s.height=r):\"link\"===t.message&&(r=new URL(s.getAttribute(\"src\")),n=new URL(t.value),c.test(n.protocol))&&n.host===r.host&&l.activeElement===s&&(d.top.location.href=t.value))}},d.addEventListener(\"message\",d.wp.receiveEmbedMessage,!1),l.addEventListener(\"DOMContentLoaded\",function(){for(var e,t,s=l.querySelectorAll(\"iframe.wp-embedded-content\"),r=0;r<s.length;r++)(t=(e=s[r]).getAttribute(\"data-secret\"))||(t=Math.random().toString(36).substring(2,12),e.src+=\"#?secret=\"+t,e.setAttribute(\"data-secret\",t)),e.contentWindow.postMessage({message:\"ready\",secret:t},\"*\")},!1)))}(window,document);\n\/* ]]> *\/\n<\/script>\n","thumbnail_url":"https:\/\/renatodias.online\/movimento\/wp-content\/uploads\/2021\/08\/Sebastiao-Peixoto-vereador-scaled-e1681695862194.jpg","thumbnail_width":800,"thumbnail_height":533,"description":"Com um projeto contempor\u00e2neo da modernidade Renato Dias O suplente de vereador Sebasti\u00e3o Peixoto anuncia, hoje, ao Portal de Not\u00edcias, que concorrer\u00e1, em outubro do ano de 2024, as elei\u00e7\u00f5es \u00e0 C\u00e2mara Municipal de Goi\u00e2nia. Ele quer um gabinete itinerante. O ex-presidente do IMAS e da Agetul diz que Luiz In\u00e1cio Lula da Silva [PT]"}