{"version":"1.0","provider_name":"","provider_url":"https:\/\/renatodias.online\/movimento","title":"A contradi\u00e7\u00e3o da luta de classes no Brasil -","type":"rich","width":600,"height":338,"html":"<blockquote class=\"wp-embedded-content\" data-secret=\"LTh76cRf3m\"><a href=\"https:\/\/renatodias.online\/movimento\/2023\/05\/20\/a-contradicao-da-luta-de-classes-no-brasil\/\"><strong>A contradi\u00e7\u00e3o da luta de classes no Brasil<\/strong><\/a><\/blockquote><iframe sandbox=\"allow-scripts\" security=\"restricted\" src=\"https:\/\/renatodias.online\/movimento\/2023\/05\/20\/a-contradicao-da-luta-de-classes-no-brasil\/embed\/#?secret=LTh76cRf3m\" width=\"600\" height=\"338\" title=\"&#8220;&lt;strong&gt;A contradi\u00e7\u00e3o da luta de classes no Brasil&lt;\/strong&gt;&#8221; &#8212; \" data-secret=\"LTh76cRf3m\" frameborder=\"0\" marginwidth=\"0\" marginheight=\"0\" scrolling=\"no\" class=\"wp-embedded-content\"><\/iframe><script type=\"text\/javascript\">\n\/* <![CDATA[ *\/\n\/*! This file is auto-generated *\/\n!function(d,l){\"use strict\";l.querySelector&&d.addEventListener&&\"undefined\"!=typeof URL&&(d.wp=d.wp||{},d.wp.receiveEmbedMessage||(d.wp.receiveEmbedMessage=function(e){var t=e.data;if((t||t.secret||t.message||t.value)&&!\/[^a-zA-Z0-9]\/.test(t.secret)){for(var s,r,n,a=l.querySelectorAll('iframe[data-secret=\"'+t.secret+'\"]'),o=l.querySelectorAll('blockquote[data-secret=\"'+t.secret+'\"]'),c=new RegExp(\"^https?:$\",\"i\"),i=0;i<o.length;i++)o[i].style.display=\"none\";for(i=0;i<a.length;i++)s=a[i],e.source===s.contentWindow&&(s.removeAttribute(\"style\"),\"height\"===t.message?(1e3<(r=parseInt(t.value,10))?r=1e3:~~r<200&&(r=200),s.height=r):\"link\"===t.message&&(r=new URL(s.getAttribute(\"src\")),n=new URL(t.value),c.test(n.protocol))&&n.host===r.host&&l.activeElement===s&&(d.top.location.href=t.value))}},d.addEventListener(\"message\",d.wp.receiveEmbedMessage,!1),l.addEventListener(\"DOMContentLoaded\",function(){for(var e,t,s=l.querySelectorAll(\"iframe.wp-embedded-content\"),r=0;r<s.length;r++)(t=(e=s[r]).getAttribute(\"data-secret\"))||(t=Math.random().toString(36).substring(2,12),e.src+=\"#?secret=\"+t,e.setAttribute(\"data-secret\",t)),e.contentWindow.postMessage({message:\"ready\",secret:t},\"*\")},!1)))}(window,document);\n\/* ]]> *\/\n<\/script>\n","thumbnail_url":"https:\/\/renatodias.online\/movimento\/wp-content\/uploads\/2021\/08\/Francisco-Celso-Calmon-2-e1684553218790.jpg","thumbnail_width":750,"thumbnail_height":563,"description":"Francisco Celso Calmon A contradi\u00e7\u00e3o estrutural capital versus trabalho, embora permeie e condicione todo o sistema, no campo pol\u00edtico n\u00e3o est\u00e1 posta, n\u00e3o assumiu a principalidade, em consequ\u00eancia do est\u00e1gio prim\u00e1rio da luta dos trabalhadores. Sem forma\u00e7\u00e3o, organiza\u00e7\u00e3o e luta social e pol\u00edtica permanente e intensa, os trabalhadores n\u00e3o alcan\u00e7aram uma consci\u00eancia de classe que"}