{"version":"1.0","provider_name":"","provider_url":"https:\/\/renatodias.online\/movimento","title":"Neia Vieira assume Sindsa\u00fade -","type":"rich","width":600,"height":338,"html":"<blockquote class=\"wp-embedded-content\" data-secret=\"eU3cq5T6OV\"><a href=\"https:\/\/renatodias.online\/movimento\/2023\/04\/14\/neia-vieira-assume-sindsaude\/\"><strong>Neia Vieira assume Sindsa\u00fade<\/strong><\/a><\/blockquote><iframe sandbox=\"allow-scripts\" security=\"restricted\" src=\"https:\/\/renatodias.online\/movimento\/2023\/04\/14\/neia-vieira-assume-sindsaude\/embed\/#?secret=eU3cq5T6OV\" width=\"600\" height=\"338\" title=\"&#8220;&lt;strong&gt;Neia Vieira assume Sindsa\u00fade&lt;\/strong&gt;&#8221; &#8212; \" data-secret=\"eU3cq5T6OV\" frameborder=\"0\" marginwidth=\"0\" marginheight=\"0\" scrolling=\"no\" class=\"wp-embedded-content\"><\/iframe><script type=\"text\/javascript\">\n\/* <![CDATA[ *\/\n\/*! This file is auto-generated *\/\n!function(d,l){\"use strict\";l.querySelector&&d.addEventListener&&\"undefined\"!=typeof URL&&(d.wp=d.wp||{},d.wp.receiveEmbedMessage||(d.wp.receiveEmbedMessage=function(e){var t=e.data;if((t||t.secret||t.message||t.value)&&!\/[^a-zA-Z0-9]\/.test(t.secret)){for(var s,r,n,a=l.querySelectorAll('iframe[data-secret=\"'+t.secret+'\"]'),o=l.querySelectorAll('blockquote[data-secret=\"'+t.secret+'\"]'),c=new RegExp(\"^https?:$\",\"i\"),i=0;i<o.length;i++)o[i].style.display=\"none\";for(i=0;i<a.length;i++)s=a[i],e.source===s.contentWindow&&(s.removeAttribute(\"style\"),\"height\"===t.message?(1e3<(r=parseInt(t.value,10))?r=1e3:~~r<200&&(r=200),s.height=r):\"link\"===t.message&&(r=new URL(s.getAttribute(\"src\")),n=new URL(t.value),c.test(n.protocol))&&n.host===r.host&&l.activeElement===s&&(d.top.location.href=t.value))}},d.addEventListener(\"message\",d.wp.receiveEmbedMessage,!1),l.addEventListener(\"DOMContentLoaded\",function(){for(var e,t,s=l.querySelectorAll(\"iframe.wp-embedded-content\"),r=0;r<s.length;r++)(t=(e=s[r]).getAttribute(\"data-secret\"))||(t=Math.random().toString(36).substring(2,12),e.src+=\"#?secret=\"+t,e.setAttribute(\"data-secret\",t)),e.contentWindow.postMessage({message:\"ready\",secret:t},\"*\")},!1)))}(window,document);\n\/* ]]> *\/\n<\/script>\n","thumbnail_url":"https:\/\/renatodias.online\/movimento\/wp-content\/uploads\/2023\/04\/Neia-Vieira-Sindsaude-e1681522591395.png","thumbnail_width":800,"thumbnail_height":490,"description":"Diretoria com agenda \u00e0 esquerda\u00a0 Sindicalismo Renato Dias&nbsp; A enfermeira Neia Vieira j\u00e1 ir\u00e1 assumir a presid\u00eancia do Sindicato dos Trabalhadores do Sistema de Sa\u00fade do Estado de Goi\u00e1s no pr\u00f3ximo dia 17 de abril, \u00e0s 20h, na sede do Sindsa\u00fade. \u00c9 na segunda-feira. Ricardo Manzi ocupar\u00e1 a Secretaria de Comunica\u00e7\u00e3o\u00a0 A sindicalista substituir\u00e1 o"}