{"version":"1.0","provider_name":"","provider_url":"https:\/\/renatodias.online\/movimento","title":"Pellozo na marcha dos prefeitos -","type":"rich","width":600,"height":338,"html":"<blockquote class=\"wp-embedded-content\" data-secret=\"Qt76DVLl9M\"><a href=\"https:\/\/renatodias.online\/movimento\/2023\/03\/29\/pellozo-na-marcha-dos-prefeitos\/\"><strong>Pellozo na marcha dos prefeitos<\/strong><\/a><\/blockquote><iframe sandbox=\"allow-scripts\" security=\"restricted\" src=\"https:\/\/renatodias.online\/movimento\/2023\/03\/29\/pellozo-na-marcha-dos-prefeitos\/embed\/#?secret=Qt76DVLl9M\" width=\"600\" height=\"338\" title=\"&#8220;&lt;strong&gt;Pellozo na marcha dos prefeitos&lt;\/strong&gt;&#8221; &#8212; \" data-secret=\"Qt76DVLl9M\" frameborder=\"0\" marginwidth=\"0\" marginheight=\"0\" scrolling=\"no\" class=\"wp-embedded-content\"><\/iframe><script type=\"text\/javascript\">\n\/* <![CDATA[ *\/\n\/*! This file is auto-generated *\/\n!function(d,l){\"use strict\";l.querySelector&&d.addEventListener&&\"undefined\"!=typeof URL&&(d.wp=d.wp||{},d.wp.receiveEmbedMessage||(d.wp.receiveEmbedMessage=function(e){var t=e.data;if((t||t.secret||t.message||t.value)&&!\/[^a-zA-Z0-9]\/.test(t.secret)){for(var s,r,n,a=l.querySelectorAll('iframe[data-secret=\"'+t.secret+'\"]'),o=l.querySelectorAll('blockquote[data-secret=\"'+t.secret+'\"]'),c=new RegExp(\"^https?:$\",\"i\"),i=0;i<o.length;i++)o[i].style.display=\"none\";for(i=0;i<a.length;i++)s=a[i],e.source===s.contentWindow&&(s.removeAttribute(\"style\"),\"height\"===t.message?(1e3<(r=parseInt(t.value,10))?r=1e3:~~r<200&&(r=200),s.height=r):\"link\"===t.message&&(r=new URL(s.getAttribute(\"src\")),n=new URL(t.value),c.test(n.protocol))&&n.host===r.host&&l.activeElement===s&&(d.top.location.href=t.value))}},d.addEventListener(\"message\",d.wp.receiveEmbedMessage,!1),l.addEventListener(\"DOMContentLoaded\",function(){for(var e,t,s=l.querySelectorAll(\"iframe.wp-embedded-content\"),r=0;r<s.length;r++)(t=(e=s[r]).getAttribute(\"data-secret\"))||(t=Math.random().toString(36).substring(2,12),e.src+=\"#?secret=\"+t,e.setAttribute(\"data-secret\",t)),e.contentWindow.postMessage({message:\"ready\",secret:t},\"*\")},!1)))}(window,document);\n\/* ]]> *\/\n<\/script>\n","thumbnail_url":"https:\/\/renatodias.online\/movimento\/wp-content\/uploads\/2023\/03\/Fernando-Pellozo-1.jpg","thumbnail_width":720,"thumbnail_height":650,"description":"Em Bras\u00edlia&nbsp; Reforma Tribut\u00e1ria em pauta&nbsp; Marcelo Heleno Especial para o Portal de Not\u00edcias renatodias.online \u00c0 frente da gest\u00e3o de Senador Canedo, Fernando Pellozo (PSD), esteve presente na Marcha Nacional dos Prefeitos que foi \u00e0 Bras\u00edlia para discutir temas comuns \u00e0s cidades brasileiras. Segundo ele, a maior preocupa\u00e7\u00e3o \u00e9 com as propostas de reforma tribut\u00e1ria,"}