{"version":"1.0","provider_name":"","provider_url":"https:\/\/renatodias.online\/movimento","title":"Secretaria Ind\u00edgena na Presid\u00eancia -","type":"rich","width":600,"height":338,"html":"<blockquote class=\"wp-embedded-content\" data-secret=\"3ltw63l7Pr\"><a href=\"https:\/\/renatodias.online\/movimento\/2022\/04\/23\/secretaria-indigena-na-presidencia\/\">Secretaria Ind\u00edgena na Presid\u00eancia<\/a><\/blockquote><iframe sandbox=\"allow-scripts\" security=\"restricted\" src=\"https:\/\/renatodias.online\/movimento\/2022\/04\/23\/secretaria-indigena-na-presidencia\/embed\/#?secret=3ltw63l7Pr\" width=\"600\" height=\"338\" title=\"&#8220;Secretaria Ind\u00edgena na Presid\u00eancia&#8221; &#8212; \" data-secret=\"3ltw63l7Pr\" frameborder=\"0\" marginwidth=\"0\" marginheight=\"0\" scrolling=\"no\" class=\"wp-embedded-content\"><\/iframe><script type=\"text\/javascript\">\n\/* <![CDATA[ *\/\n\/*! This file is auto-generated *\/\n!function(d,l){\"use strict\";l.querySelector&&d.addEventListener&&\"undefined\"!=typeof URL&&(d.wp=d.wp||{},d.wp.receiveEmbedMessage||(d.wp.receiveEmbedMessage=function(e){var t=e.data;if((t||t.secret||t.message||t.value)&&!\/[^a-zA-Z0-9]\/.test(t.secret)){for(var s,r,n,a=l.querySelectorAll('iframe[data-secret=\"'+t.secret+'\"]'),o=l.querySelectorAll('blockquote[data-secret=\"'+t.secret+'\"]'),c=new RegExp(\"^https?:$\",\"i\"),i=0;i<o.length;i++)o[i].style.display=\"none\";for(i=0;i<a.length;i++)s=a[i],e.source===s.contentWindow&&(s.removeAttribute(\"style\"),\"height\"===t.message?(1e3<(r=parseInt(t.value,10))?r=1e3:~~r<200&&(r=200),s.height=r):\"link\"===t.message&&(r=new URL(s.getAttribute(\"src\")),n=new URL(t.value),c.test(n.protocol))&&n.host===r.host&&l.activeElement===s&&(d.top.location.href=t.value))}},d.addEventListener(\"message\",d.wp.receiveEmbedMessage,!1),l.addEventListener(\"DOMContentLoaded\",function(){for(var e,t,s=l.querySelectorAll(\"iframe.wp-embedded-content\"),r=0;r<s.length;r++)(t=(e=s[r]).getAttribute(\"data-secret\"))||(t=Math.random().toString(36).substring(2,12),e.src+=\"#?secret=\"+t,e.setAttribute(\"data-secret\",t)),e.contentWindow.postMessage({message:\"ready\",secret:t},\"*\")},!1)))}(window,document);\n\/* ]]> *\/\n<\/script>\n","thumbnail_url":"https:\/\/renatodias.online\/movimento\/wp-content\/uploads\/2022\/04\/Marcio-Santilli-link-e1677377130421.jpg","thumbnail_width":400,"thumbnail_height":240,"description":"Secretaria Ind\u00edgena na Presid\u00eancia M\u00e1rcio Santilli Terminou na ter\u00e7a-feira passada a 18\u00aa edi\u00e7\u00e3o do Acampamento Terra Livre, que reuniu, durante onze dias, sete mil representantes dos povos ind\u00edgenas de todas as regi\u00f5es do Brasil. No in\u00edcio do ano eleitoral, foi um momento importante para protestar contra as pol\u00edticas do governo Bolsonaro, que n\u00e3o demarca e"}