{"version":"1.0","provider_name":"","provider_url":"https:\/\/renatodias.online\/movimento","title":"Eurico Barbosa ocupa cargo no Instituto Hist\u00f3rico -","type":"rich","width":600,"height":338,"html":"<blockquote class=\"wp-embedded-content\" data-secret=\"V11Setf1N2\"><a href=\"https:\/\/renatodias.online\/movimento\/2021\/05\/02\/eurico-barbosa-ocupa-cargo-no-instituto-historico\/\">Eurico Barbosa ocupa cargo no Instituto Hist\u00f3rico<\/a><\/blockquote><iframe sandbox=\"allow-scripts\" security=\"restricted\" src=\"https:\/\/renatodias.online\/movimento\/2021\/05\/02\/eurico-barbosa-ocupa-cargo-no-instituto-historico\/embed\/#?secret=V11Setf1N2\" width=\"600\" height=\"338\" title=\"&#8220;Eurico Barbosa ocupa cargo no Instituto Hist\u00f3rico&#8221; &#8212; \" data-secret=\"V11Setf1N2\" frameborder=\"0\" marginwidth=\"0\" marginheight=\"0\" scrolling=\"no\" class=\"wp-embedded-content\"><\/iframe><script type=\"text\/javascript\">\n\/* <![CDATA[ *\/\n\/*! This file is auto-generated *\/\n!function(d,l){\"use strict\";l.querySelector&&d.addEventListener&&\"undefined\"!=typeof URL&&(d.wp=d.wp||{},d.wp.receiveEmbedMessage||(d.wp.receiveEmbedMessage=function(e){var t=e.data;if((t||t.secret||t.message||t.value)&&!\/[^a-zA-Z0-9]\/.test(t.secret)){for(var s,r,n,a=l.querySelectorAll('iframe[data-secret=\"'+t.secret+'\"]'),o=l.querySelectorAll('blockquote[data-secret=\"'+t.secret+'\"]'),c=new RegExp(\"^https?:$\",\"i\"),i=0;i<o.length;i++)o[i].style.display=\"none\";for(i=0;i<a.length;i++)s=a[i],e.source===s.contentWindow&&(s.removeAttribute(\"style\"),\"height\"===t.message?(1e3<(r=parseInt(t.value,10))?r=1e3:~~r<200&&(r=200),s.height=r):\"link\"===t.message&&(r=new URL(s.getAttribute(\"src\")),n=new URL(t.value),c.test(n.protocol))&&n.host===r.host&&l.activeElement===s&&(d.top.location.href=t.value))}},d.addEventListener(\"message\",d.wp.receiveEmbedMessage,!1),l.addEventListener(\"DOMContentLoaded\",function(){for(var e,t,s=l.querySelectorAll(\"iframe.wp-embedded-content\"),r=0;r<s.length;r++)(t=(e=s[r]).getAttribute(\"data-secret\"))||(t=Math.random().toString(36).substring(2,12),e.src+=\"#?secret=\"+t,e.setAttribute(\"data-secret\",t)),e.contentWindow.postMessage({message:\"ready\",secret:t},\"*\")},!1)))}(window,document);\n\/* ]]> *\/\n<\/script>\n","thumbnail_url":"https:\/\/renatodias.online\/movimento\/wp-content\/uploads\/2021\/02\/Eurico-Barbosa-e1647482434382.jpg","thumbnail_width":360,"thumbnail_height":240,"description":"Ex &#8211; presidente da Assembleia Legislativa do Estado de Goi\u00e1s e do Tribunal de Contas de Goi\u00e1s [TCE] \u00a0ser\u00e1 membro suplente do Conselho Fiscal do IHGG. A posse ocorre quarta-feira &nbsp; Jornalista, Fleurymar de Souza lan\u00e7ou a biografia de Eurico Barbosa &nbsp; Renato Dias Advogado com not\u00f3rio saber jur\u00eddico, Eurico Barbosa assume, na pr\u00f3xima quarta-feira,"}