{"version":"1.0","provider_name":"","provider_url":"https:\/\/renatodias.online\/movimento","title":"Adib Elias lidera rejei\u00e7\u00e3o. Gustavo Sebba \u00e9 amea\u00e7a -","type":"rich","width":600,"height":338,"html":"<blockquote class=\"wp-embedded-content\" data-secret=\"3AkahJ4fvm\"><a href=\"https:\/\/renatodias.online\/movimento\/2019\/12\/27\/adib-elias-lidera-rejeicao-gustavo-sebba-e-ameaca\/\">Adib Elias lidera rejei\u00e7\u00e3o. Gustavo Sebba \u00e9 amea\u00e7a<\/a><\/blockquote><iframe sandbox=\"allow-scripts\" security=\"restricted\" src=\"https:\/\/renatodias.online\/movimento\/2019\/12\/27\/adib-elias-lidera-rejeicao-gustavo-sebba-e-ameaca\/embed\/#?secret=3AkahJ4fvm\" width=\"600\" height=\"338\" title=\"&#8220;Adib Elias lidera rejei\u00e7\u00e3o. Gustavo Sebba \u00e9 amea\u00e7a&#8221; &#8212; \" data-secret=\"3AkahJ4fvm\" frameborder=\"0\" marginwidth=\"0\" marginheight=\"0\" scrolling=\"no\" class=\"wp-embedded-content\"><\/iframe><script type=\"text\/javascript\">\n\/* <![CDATA[ *\/\n\/*! This file is auto-generated *\/\n!function(d,l){\"use strict\";l.querySelector&&d.addEventListener&&\"undefined\"!=typeof URL&&(d.wp=d.wp||{},d.wp.receiveEmbedMessage||(d.wp.receiveEmbedMessage=function(e){var t=e.data;if((t||t.secret||t.message||t.value)&&!\/[^a-zA-Z0-9]\/.test(t.secret)){for(var s,r,n,a=l.querySelectorAll('iframe[data-secret=\"'+t.secret+'\"]'),o=l.querySelectorAll('blockquote[data-secret=\"'+t.secret+'\"]'),c=new RegExp(\"^https?:$\",\"i\"),i=0;i<o.length;i++)o[i].style.display=\"none\";for(i=0;i<a.length;i++)s=a[i],e.source===s.contentWindow&&(s.removeAttribute(\"style\"),\"height\"===t.message?(1e3<(r=parseInt(t.value,10))?r=1e3:~~r<200&&(r=200),s.height=r):\"link\"===t.message&&(r=new URL(s.getAttribute(\"src\")),n=new URL(t.value),c.test(n.protocol))&&n.host===r.host&&l.activeElement===s&&(d.top.location.href=t.value))}},d.addEventListener(\"message\",d.wp.receiveEmbedMessage,!1),l.addEventListener(\"DOMContentLoaded\",function(){for(var e,t,s=l.querySelectorAll(\"iframe.wp-embedded-content\"),r=0;r<s.length;r++)(t=(e=s[r]).getAttribute(\"data-secret\"))||(t=Math.random().toString(36).substring(2,12),e.src+=\"#?secret=\"+t,e.setAttribute(\"data-secret\",t)),e.contentWindow.postMessage({message:\"ready\",secret:t},\"*\")},!1)))}(window,document);\n\/* ]]> *\/\n<\/script>\n","thumbnail_url":"https:\/\/renatodias.online\/movimento\/wp-content\/uploads\/2019\/12\/Adib-Elias-Pesquisa.jpg","thumbnail_width":600,"thumbnail_height":539,"description":"&nbsp; Texto: Renato Dias Edi\u00e7\u00e3o: Marcus Vin\u00edcius Beck &nbsp; Pesquisa de opini\u00e3o p\u00fablica realizada no munic\u00edpio de Catal\u00e3o, Estado de Goi\u00e1s, com uma amostra estratificada de 421 eleitores, no m\u00eas de dezembro de 2019, sem registro no Tribunal Regional Eleitoral, como permite a legisla\u00e7\u00e3o em ano n\u00e3o eleitoral, revela que 46,40%\u00a0 dos entrevistados n\u00e3o votariam"}