{"version":"1.0","provider_name":"","provider_url":"https:\/\/renatodias.online\/movimento","title":"Fl\u00e1vio Sofiati aborda o tema Pol\u00edtica e Religi\u00e3o -","type":"rich","width":600,"height":338,"html":"<blockquote class=\"wp-embedded-content\" data-secret=\"n42jHBwpHZ\"><a href=\"https:\/\/renatodias.online\/movimento\/2019\/10\/15\/flavio-sofiati-aborda-o-tema-politica-e-religiao\/\">Fl\u00e1vio Sofiati aborda o tema Pol\u00edtica e Religi\u00e3o<\/a><\/blockquote><iframe sandbox=\"allow-scripts\" security=\"restricted\" src=\"https:\/\/renatodias.online\/movimento\/2019\/10\/15\/flavio-sofiati-aborda-o-tema-politica-e-religiao\/embed\/#?secret=n42jHBwpHZ\" width=\"600\" height=\"338\" title=\"&#8220;Fl\u00e1vio Sofiati aborda o tema Pol\u00edtica e Religi\u00e3o&#8221; &#8212; \" data-secret=\"n42jHBwpHZ\" frameborder=\"0\" marginwidth=\"0\" marginheight=\"0\" scrolling=\"no\" class=\"wp-embedded-content\"><\/iframe><script type=\"text\/javascript\">\n\/* <![CDATA[ *\/\n\/*! This file is auto-generated *\/\n!function(d,l){\"use strict\";l.querySelector&&d.addEventListener&&\"undefined\"!=typeof URL&&(d.wp=d.wp||{},d.wp.receiveEmbedMessage||(d.wp.receiveEmbedMessage=function(e){var t=e.data;if((t||t.secret||t.message||t.value)&&!\/[^a-zA-Z0-9]\/.test(t.secret)){for(var s,r,n,a=l.querySelectorAll('iframe[data-secret=\"'+t.secret+'\"]'),o=l.querySelectorAll('blockquote[data-secret=\"'+t.secret+'\"]'),c=new RegExp(\"^https?:$\",\"i\"),i=0;i<o.length;i++)o[i].style.display=\"none\";for(i=0;i<a.length;i++)s=a[i],e.source===s.contentWindow&&(s.removeAttribute(\"style\"),\"height\"===t.message?(1e3<(r=parseInt(t.value,10))?r=1e3:~~r<200&&(r=200),s.height=r):\"link\"===t.message&&(r=new URL(s.getAttribute(\"src\")),n=new URL(t.value),c.test(n.protocol))&&n.host===r.host&&l.activeElement===s&&(d.top.location.href=t.value))}},d.addEventListener(\"message\",d.wp.receiveEmbedMessage,!1),l.addEventListener(\"DOMContentLoaded\",function(){for(var e,t,s=l.querySelectorAll(\"iframe.wp-embedded-content\"),r=0;r<s.length;r++)(t=(e=s[r]).getAttribute(\"data-secret\"))||(t=Math.random().toString(36).substring(2,12),e.src+=\"#?secret=\"+t,e.setAttribute(\"data-secret\",t)),e.contentWindow.postMessage({message:\"ready\",secret:t},\"*\")},!1)))}(window,document);\n\/* ]]> *\/\n<\/script>\n","thumbnail_url":"https:\/\/renatodias.online\/movimento\/wp-content\/uploads\/2019\/10\/WhatsApp-Image-2019-10-15-at-19.36.42-1.jpeg","thumbnail_width":225,"thumbnail_height":225,"description":"Aula P\u00fablica Fl\u00e1vio Sofiati aborda o tema Pol\u00edtica e Religi\u00e3o Doutor da Faculdade de Ci\u00eancias Sociais da Universidade Federal de Goi\u00e1s [UFG], Fl\u00e1vio Sofiati \u00e9\u00a0 ex-aluno do marxista insubordinado Michael L\u00f6wy, hoje radicado, em Paris, Fran\u00e7a Renato Dias O doutor da Faculdade de Ci\u00eancias Sociais da Universidade Federal de Goi\u00e1s [UFG], Fl\u00e1vio Sofiati, ex-aluno do"}