{"version":"1.0","provider_name":"","provider_url":"https:\/\/renatodias.online\/movimento","title":"Atriz da est\u00e9tica da revolu\u00e7\u00e3o -","type":"rich","width":600,"height":338,"html":"<blockquote class=\"wp-embedded-content\" data-secret=\"RUOWCML3lQ\"><a href=\"https:\/\/renatodias.online\/movimento\/2019\/09\/13\/alma-clandestina-trailer\/\">Atriz da est\u00e9tica da revolu\u00e7\u00e3o<\/a><\/blockquote><iframe sandbox=\"allow-scripts\" security=\"restricted\" src=\"https:\/\/renatodias.online\/movimento\/2019\/09\/13\/alma-clandestina-trailer\/embed\/#?secret=RUOWCML3lQ\" width=\"600\" height=\"338\" title=\"&#8220;Atriz da est\u00e9tica da revolu\u00e7\u00e3o&#8221; &#8212; \" data-secret=\"RUOWCML3lQ\" frameborder=\"0\" marginwidth=\"0\" marginheight=\"0\" scrolling=\"no\" class=\"wp-embedded-content\"><\/iframe><script type=\"text\/javascript\">\n\/* <![CDATA[ *\/\n\/*! This file is auto-generated *\/\n!function(d,l){\"use strict\";l.querySelector&&d.addEventListener&&\"undefined\"!=typeof URL&&(d.wp=d.wp||{},d.wp.receiveEmbedMessage||(d.wp.receiveEmbedMessage=function(e){var t=e.data;if((t||t.secret||t.message||t.value)&&!\/[^a-zA-Z0-9]\/.test(t.secret)){for(var s,r,n,a=l.querySelectorAll('iframe[data-secret=\"'+t.secret+'\"]'),o=l.querySelectorAll('blockquote[data-secret=\"'+t.secret+'\"]'),c=new RegExp(\"^https?:$\",\"i\"),i=0;i<o.length;i++)o[i].style.display=\"none\";for(i=0;i<a.length;i++)s=a[i],e.source===s.contentWindow&&(s.removeAttribute(\"style\"),\"height\"===t.message?(1e3<(r=parseInt(t.value,10))?r=1e3:~~r<200&&(r=200),s.height=r):\"link\"===t.message&&(r=new URL(s.getAttribute(\"src\")),n=new URL(t.value),c.test(n.protocol))&&n.host===r.host&&l.activeElement===s&&(d.top.location.href=t.value))}},d.addEventListener(\"message\",d.wp.receiveEmbedMessage,!1),l.addEventListener(\"DOMContentLoaded\",function(){for(var e,t,s=l.querySelectorAll(\"iframe.wp-embedded-content\"),r=0;r<s.length;r++)(t=(e=s[r]).getAttribute(\"data-secret\"))||(t=Math.random().toString(36).substring(2,12),e.src+=\"#?secret=\"+t,e.setAttribute(\"data-secret\",t)),e.contentWindow.postMessage({message:\"ready\",secret:t},\"*\")},!1)))}(window,document);\n\/* ]]> *\/\n<\/script>\n","thumbnail_url":"https:\/\/renatodias.online\/movimento\/wp-content\/uploads\/2019\/09\/Sara-Antunes.jpg","thumbnail_width":620,"thumbnail_height":450,"description":"Cinema &amp; teatro Atriz da est\u00e9tica da revolu\u00e7\u00e3o Sara Antunes estreia \u2018Alma Clandestina\u2019, a hist\u00f3ria tr\u00e1gica de Maria Auxiliadora Lara Barce\u00adlos, protagoniza \u2018Deslembro\u2019 e est\u00e1 no palco com \u2018Guerrilheiras\u2019 Artista \u00e9 personagem na s\u00e9rie \u2018Segunda Chamada\u2019, da TV Globo, que se inicia j\u00e1 no m\u00eas de outubro, de 2019, de Carla Faour\u00a0e\u00a0Julia Spadaccini, dirigida por"}